{"id":74,"date":"2024-08-08T09:44:32","date_gmt":"2024-08-08T07:44:32","guid":{"rendered":"http:\/\/lesfeesdelassiette.fr\/?page_id=74"},"modified":"2024-11-25T08:57:34","modified_gmt":"2024-11-25T07:57:34","slug":"actualites-2","status":"publish","type":"page","link":"https:\/\/lesfeesdelassiette.fr\/?page_id=74","title":{"rendered":"Au programme"},"content":{"rendered":"<h2 class=\"fonts-plugin-block \"><span style=\"color: #009933\" class=\"qubely-text-has-color\"><\/span><\/h2>\n\n\n<h2 class=\"wp-block-heading has-text-align-center\"><span data-fontsize=\"30\" style=\"font-size: 30px;\" class=\"qubely-custom-font\"><span style=\"color: #099338;\" data=\"#099338\" class=\"qubely-text-has-color\">Bienvenue en cuisine !<\/span><\/span><\/h2>\n\n\n\n<p class=\"has-text-align-left\">Pour d\u00e9couvrir nos \u00e9v\u00e9nements tout au long de l\u2019ann\u00e9e, retrouvez-nous sur :<\/p>\n\n\n\n<div class=\"wp-block-qubely-socialicons qubely-block-b4a03a\"><div class=\"qubely-block-social-icons  qubely-layout-fill qubely-style-default\"><ul class=\"qubely-ul\"><li class=\"qubely-li qubely-social-item qubely-social-facebook\" arealabel=\"Facebook\"><a href=\"https:\/\/www.facebook.com\/profile.php?id=61566876253454\" target=\"_blank\" rel=\"nofollow noopener noreferrer\"><i class=\"qubely-social-icon fab fa-facebook\"><\/i><span class=\"qubely-social-label\">Facebook<\/span><\/a><\/li><\/ul><\/div><\/div>\n\n\n\n<p>Pour toute info et question, c\u2019est par <a href=\"https:\/\/lesfeesdelassiette.fr\/?page_id=13\">ici<\/a> .<\/p>\n\n\n\n<p>C\u00e9line et Amandine vous accueillent pour des ateliers cuisine tout public et des formations pour professionnels.<\/p>\n\n\n\n<div class=\"wp-block-columns is-layout-flex wp-container-core-columns-is-layout-28f84493 wp-block-columns-is-layout-flex\">\n<div class=\"wp-block-column is-layout-flow wp-block-column-is-layout-flow\">\n<figure class=\"wp-block-image size-large\"><img loading=\"lazy\" decoding=\"async\" width=\"768\" height=\"1024\" src=\"https:\/\/lesfeesdelassiette.fr\/wp-content\/uploads\/2024\/11\/cuisine-pedagogique-5-1-768x1024.jpeg\" alt=\"\" class=\"wp-image-266\" srcset=\"https:\/\/lesfeesdelassiette.fr\/wp-content\/uploads\/2024\/11\/cuisine-pedagogique-5-1-768x1024.jpeg 768w, https:\/\/lesfeesdelassiette.fr\/wp-content\/uploads\/2024\/11\/cuisine-pedagogique-5-1-225x300.jpeg 225w, https:\/\/lesfeesdelassiette.fr\/wp-content\/uploads\/2024\/11\/cuisine-pedagogique-5-1-1152x1536.jpeg 1152w, https:\/\/lesfeesdelassiette.fr\/wp-content\/uploads\/2024\/11\/cuisine-pedagogique-5-1.jpeg 1200w\" sizes=\"auto, (max-width: 768px) 100vw, 768px\" \/><\/figure>\n<\/div>\n\n\n\n<div class=\"wp-block-column is-layout-flow wp-block-column-is-layout-flow\">\n<figure class=\"wp-block-image size-large\"><img loading=\"lazy\" decoding=\"async\" width=\"768\" height=\"1024\" src=\"https:\/\/lesfeesdelassiette.fr\/wp-content\/uploads\/2024\/11\/formation-professionnels2-1-768x1024.jpeg\" alt=\"\" class=\"wp-image-267\" srcset=\"https:\/\/lesfeesdelassiette.fr\/wp-content\/uploads\/2024\/11\/formation-professionnels2-1-768x1024.jpeg 768w, https:\/\/lesfeesdelassiette.fr\/wp-content\/uploads\/2024\/11\/formation-professionnels2-1-225x300.jpeg 225w, https:\/\/lesfeesdelassiette.fr\/wp-content\/uploads\/2024\/11\/formation-professionnels2-1-1152x1536.jpeg 1152w, https:\/\/lesfeesdelassiette.fr\/wp-content\/uploads\/2024\/11\/formation-professionnels2-1.jpeg 1200w\" sizes=\"auto, (max-width: 768px) 100vw, 768px\" \/><\/figure>\n<\/div>\n\n\n\n<div class=\"wp-block-column is-layout-flow wp-block-column-is-layout-flow\">\n<figure class=\"wp-block-image size-large\"><img loading=\"lazy\" decoding=\"async\" width=\"768\" height=\"1024\" src=\"https:\/\/lesfeesdelassiette.fr\/wp-content\/uploads\/2024\/11\/plat1-1-768x1024.jpeg\" alt=\"\" class=\"wp-image-268\" srcset=\"https:\/\/lesfeesdelassiette.fr\/wp-content\/uploads\/2024\/11\/plat1-1-768x1024.jpeg 768w, https:\/\/lesfeesdelassiette.fr\/wp-content\/uploads\/2024\/11\/plat1-1-225x300.jpeg 225w, https:\/\/lesfeesdelassiette.fr\/wp-content\/uploads\/2024\/11\/plat1-1-1152x1536.jpeg 1152w, https:\/\/lesfeesdelassiette.fr\/wp-content\/uploads\/2024\/11\/plat1-1.jpeg 1200w\" sizes=\"auto, (max-width: 768px) 100vw, 768px\" \/><\/figure>\n<\/div>\n<\/div>\n\n\n\n<h2 class=\"wp-block-heading has-text-align-center\"><span data-fontsize=\"30\" style=\"font-size: 30px;\" class=\"qubely-custom-font\"><span style=\"color: #099338;\" data=\"#099338\" class=\"qubely-text-has-color\">Les ateliers tout public<\/span><span style=\"color: #099338;\" data=\"#099338\" class=\"qubely-text-has-color\"><\/span><\/span><\/h2>\n\n\n\n<p>Ces ateliers s\u2019adressent aux enfants, adolescents, adultes, s\u00e9niors, personnes en situation de handicap. Nous accueillons des groupes (\u00e9coles, centres de loisirs, associations, structures d\u2019accompagnement, entreprises\u2026) ainsi que des particuliers (adultes, enfants et parents, s\u00e9niors&#8230;).<\/p>\n\n\n\n<p>Les ateliers durent g\u00e9n\u00e9ralement 2h, en petit groupe de 6 \u00e0 12 personnes maximum. Ils se d\u00e9roulent dans notre grande cuisine toute \u00e9quip\u00e9e sur le p\u00f4le d\u2019agriculture biologique des Hauts Pr\u00e9s \u00e0 Val de Reuil, ou dans les structures et collectivit\u00e9s partenaires (associations, salles municipales&#8230;) sur les territoires de l&rsquo;agglom\u00e9ration Seine Eure et de la vall\u00e9e de l\u2019Andelle.<\/p>\n\n\n\n<p>Nos recettes font la part belle aux produits locaux, biologiques et de saison.<\/p>\n\n\n\n<p>Venez exp\u00e9rimentez ces derni\u00e8res dans une ambiance ludique et chaleureuse&nbsp;: bruschettas, crumbles, cakes, velout\u00e9s de saison, tartinades ap\u00e9ro, farandole de courges, pasta party, mignardises au chocolat, salades gourmandes, tartelettes de printemps\u2026 La gourmandise est au rendez-vous&nbsp;!<\/p>\n\n\n\n<div class=\"wp-block-columns is-layout-flex wp-container-core-columns-is-layout-28f84493 wp-block-columns-is-layout-flex\">\n<div class=\"wp-block-column is-layout-flow wp-block-column-is-layout-flow\">\n<figure class=\"wp-block-image size-large\"><img loading=\"lazy\" decoding=\"async\" width=\"1024\" height=\"981\" src=\"https:\/\/lesfeesdelassiette.fr\/wp-content\/uploads\/2024\/11\/atelier-cuisine-tout-public-retouche-1024x981.jpg\" alt=\"\" class=\"wp-image-250\" srcset=\"https:\/\/lesfeesdelassiette.fr\/wp-content\/uploads\/2024\/11\/atelier-cuisine-tout-public-retouche-1024x981.jpg 1024w, https:\/\/lesfeesdelassiette.fr\/wp-content\/uploads\/2024\/11\/atelier-cuisine-tout-public-retouche-300x288.jpg 300w, https:\/\/lesfeesdelassiette.fr\/wp-content\/uploads\/2024\/11\/atelier-cuisine-tout-public-retouche-768x736.jpg 768w, https:\/\/lesfeesdelassiette.fr\/wp-content\/uploads\/2024\/11\/atelier-cuisine-tout-public-retouche.jpg 1200w\" sizes=\"auto, (max-width: 1024px) 100vw, 1024px\" \/><\/figure>\n<\/div>\n\n\n\n<div class=\"wp-block-column is-layout-flow wp-block-column-is-layout-flow\">\n<div class=\"wp-block-group\"><div class=\"wp-block-group__inner-container is-layout-constrained wp-block-group-is-layout-constrained\">\n<figure class=\"wp-block-image size-large\"><img loading=\"lazy\" decoding=\"async\" width=\"1024\" height=\"1024\" src=\"https:\/\/lesfeesdelassiette.fr\/wp-content\/uploads\/2024\/11\/Maraicher-enfants_format-carre-1024x1024.jpg\" alt=\"\" class=\"wp-image-276\" srcset=\"https:\/\/lesfeesdelassiette.fr\/wp-content\/uploads\/2024\/11\/Maraicher-enfants_format-carre-1024x1024.jpg 1024w, https:\/\/lesfeesdelassiette.fr\/wp-content\/uploads\/2024\/11\/Maraicher-enfants_format-carre-300x300.jpg 300w, https:\/\/lesfeesdelassiette.fr\/wp-content\/uploads\/2024\/11\/Maraicher-enfants_format-carre-150x150.jpg 150w, https:\/\/lesfeesdelassiette.fr\/wp-content\/uploads\/2024\/11\/Maraicher-enfants_format-carre-768x768.jpg 768w, https:\/\/lesfeesdelassiette.fr\/wp-content\/uploads\/2024\/11\/Maraicher-enfants_format-carre-1536x1536.jpg 1536w, https:\/\/lesfeesdelassiette.fr\/wp-content\/uploads\/2024\/11\/Maraicher-enfants_format-carre-2048x2048.jpg 2048w\" sizes=\"auto, (max-width: 1024px) 100vw, 1024px\" \/><\/figure>\n<\/div><\/div>\n<\/div>\n\n\n\n<div class=\"wp-block-column is-layout-flow wp-block-column-is-layout-flow\">\n<figure class=\"wp-block-image size-full\"><img loading=\"lazy\" decoding=\"async\" width=\"633\" height=\"644\" src=\"http:\/\/lesfeesdelassiette.fr\/wp-content\/uploads\/2024\/11\/Pommes-rigolotes.jpg\" alt=\"\" class=\"wp-image-252\" srcset=\"https:\/\/lesfeesdelassiette.fr\/wp-content\/uploads\/2024\/11\/Pommes-rigolotes.jpg 633w, https:\/\/lesfeesdelassiette.fr\/wp-content\/uploads\/2024\/11\/Pommes-rigolotes-295x300.jpg 295w\" sizes=\"auto, (max-width: 633px) 100vw, 633px\" \/><\/figure>\n<\/div>\n<\/div>\n\n\n\n<h2 class=\"wp-block-heading has-text-align-center\"><span data-fontsize=\"30\" style=\"font-size: 30px;\" class=\"qubely-custom-font\"><span style=\"color: #099338;\" data=\"#099338\" class=\"qubely-text-has-color\">Les formations \u00e0 destination des professionnels<\/span><span style=\"color: #099338;\" data=\"#099338\" class=\"qubely-text-has-color\"><\/span><\/span><\/h2>\n\n\n\n<p>Ces formations s\u2019adressent aux professionnels de l\u2019\u00e9ducation, de l\u2019animation, du secteur social, de l\u2019insertion, de la restauration collective, de l\u2019environnement et du handicap.<\/p>\n\n\n\n<p>Les formations \u00e0 destination des professionnels durent deux \u00e0 trois jours, en petit groupe de 6 \u00e0 12 personnes maximum. Elles se d\u00e9roulent dans notre cuisine p\u00e9dagogique sur le p\u00f4le d\u2019agriculture biologique des Hauts Pr\u00e9s \u00e0 Val de Reuil.<\/p>\n\n\n\n<p>D\u00e9roulement d\u2019une journ\u00e9e type, de 9h30 \u00e0 16h30&nbsp;:<\/p>\n\n\n\n<ul class=\"wp-block-list\">\n<li>Accueil et temps d\u2019\u00e9change&nbsp;: nous privil\u00e9gions une ambiance conviviale et une \u00e9coute et des \u00e9changes bienveillants, garants d\u2019un bon apprentissage,<\/li>\n\n\n\n<li>Mise en pratique de recettes sant\u00e9 li\u00e9es \u00e0 la th\u00e9matique du jour&nbsp;: nos recettes font la part belle au produits locaux, biologiques et de saison,<\/li>\n\n\n\n<li>Apprentissage de techniques et savoir-faire,<\/li>\n\n\n\n<li>Pr\u00e9paration d\u2019un buffet d\u00e9jeunatoire,<\/li>\n\n\n\n<li>D\u00e9jeuner partag\u00e9,<\/li>\n\n\n\n<li>Apports et supports th\u00e9oriques,<\/li>\n\n\n\n<li>Bilan de la journ\u00e9e.&nbsp;&nbsp;&nbsp;&nbsp;<\/li>\n<\/ul>\n\n\n\n<p>Formations propos\u00e9es&nbsp;:<\/p>\n\n\n\n<ul class=\"wp-block-list\">\n<li>Le Plan National Nutrition Sant\u00e9 et l\u2019assiette sant\u00e9,<\/li>\n\n\n\n<li>Mener des actions et des projets autour de l\u2019alimentation bio et locale,<\/li>\n\n\n\n<li>Lutter contre le gaspillage alimentaire,<\/li>\n\n\n\n<li>Mener des pes\u00e9es en restauration collective,<\/li>\n\n\n\n<li>Le m\u00e9tabolisme du sucre et ses impacts sur notre sant\u00e9,<\/li>\n\n\n\n<li>Soutenir notre immunit\u00e9 par l\u2019alimentation,<\/li>\n\n\n\n<li>Le r\u00f4le des prot\u00e9ines dans notre organisme et leur \u00e9quilibre v\u00e9g\u00e9tal et animal,<\/li>\n\n\n\n<li>M\u00e9tabolisme des graisses et reconnaissance des bons et mauvais gras,<\/li>\n\n\n\n<li>La cueillette et cuisine des plantes sauvages comestibles,<\/li>\n\n\n\n<li>Le microbiote intestinal,<\/li>\n\n\n\n<li>Horloge biologique et alimentation.<\/li>\n<\/ul>\n\n\n\n<div class=\"wp-block-columns is-layout-flex wp-container-core-columns-is-layout-28f84493 wp-block-columns-is-layout-flex\">\n<div class=\"wp-block-column is-vertically-aligned-center is-layout-flow wp-block-column-is-layout-flow\" style=\"flex-basis:100%\">\n<div class=\"wp-block-columns is-layout-flex wp-container-core-columns-is-layout-28f84493 wp-block-columns-is-layout-flex\">\n<div class=\"wp-block-column is-layout-flow wp-block-column-is-layout-flow\" style=\"flex-basis:100%\">\n<div class=\"wp-block-columns is-layout-flex wp-container-core-columns-is-layout-28f84493 wp-block-columns-is-layout-flex\">\n<div class=\"wp-block-column is-vertically-aligned-center is-layout-flow wp-block-column-is-layout-flow\"><div class=\"wp-block-image\">\n<figure class=\"aligncenter size-large is-resized\"><img loading=\"lazy\" decoding=\"async\" width=\"768\" height=\"1024\" src=\"http:\/\/lesfeesdelassiette.fr\/wp-content\/uploads\/2024\/10\/formation-professionnels-768x1024.jpeg\" alt=\"\" class=\"wp-image-218\" style=\"width:269px;height:auto\" srcset=\"https:\/\/lesfeesdelassiette.fr\/wp-content\/uploads\/2024\/10\/formation-professionnels-768x1024.jpeg 768w, https:\/\/lesfeesdelassiette.fr\/wp-content\/uploads\/2024\/10\/formation-professionnels-225x300.jpeg 225w, https:\/\/lesfeesdelassiette.fr\/wp-content\/uploads\/2024\/10\/formation-professionnels-1152x1536.jpeg 1152w, https:\/\/lesfeesdelassiette.fr\/wp-content\/uploads\/2024\/10\/formation-professionnels.jpeg 1200w\" sizes=\"auto, (max-width: 768px) 100vw, 768px\" \/><\/figure>\n<\/div><\/div>\n\n\n\n<div class=\"wp-block-column is-vertically-aligned-center is-layout-flow wp-block-column-is-layout-flow\"><div class=\"wp-block-image\">\n<figure class=\"aligncenter size-large is-resized\"><img loading=\"lazy\" decoding=\"async\" width=\"768\" height=\"1024\" src=\"http:\/\/lesfeesdelassiette.fr\/wp-content\/uploads\/2024\/10\/formation-professionnels-3-768x1024.jpeg\" alt=\"\" class=\"wp-image-216\" style=\"width:270px;height:auto\" srcset=\"https:\/\/lesfeesdelassiette.fr\/wp-content\/uploads\/2024\/10\/formation-professionnels-3-768x1024.jpeg 768w, https:\/\/lesfeesdelassiette.fr\/wp-content\/uploads\/2024\/10\/formation-professionnels-3-225x300.jpeg 225w, https:\/\/lesfeesdelassiette.fr\/wp-content\/uploads\/2024\/10\/formation-professionnels-3-1152x1536.jpeg 1152w, https:\/\/lesfeesdelassiette.fr\/wp-content\/uploads\/2024\/10\/formation-professionnels-3.jpeg 1200w\" sizes=\"auto, (max-width: 768px) 100vw, 768px\" \/><\/figure>\n<\/div><\/div>\n<\/div>\n<\/div>\n<\/div>\n<\/div>\n<\/div>\n\n\n<p class=\"fonts-plugin-block \"><strong><span data-fontsize=\"19\" style=\"font-size: 19px\" class=\"qubely-custom-font\">  \ud83d\udc49  <\/span><\/strong><a href=\"https:\/\/lesfeesdelassiette.fr\/?page_id=13\" data-type=\"page\" data-id=\"13\"> <\/a><span data-fontsize=\"19\" style=\"font-size: 19px\" class=\"qubely-custom-font\">Pour toute question ou projet n&rsquo;h\u00e9sitez pas \u00e0 nous <a href=\"https:\/\/lesfeesdelassiette.fr\/?page_id=13\">contacter<\/a><\/span><\/p>\n\n\n<p><\/p>\n","protected":false},"excerpt":{"rendered":"<p>Bienvenue en cuisine ! Pour d\u00e9couvrir nos \u00e9v\u00e9nements tout au long de l\u2019ann\u00e9e, retrouvez-nous sur : Pour toute info et question, c\u2019est par ici . C\u00e9line et Amandine vous accueillent pour des ateliers cuisine tout public et des formations pour professionnels. Les ateliers tout public Ces ateliers s\u2019adressent aux enfants, adolescents, adultes, s\u00e9niors, personnes en [&hellip;]<\/p>\n","protected":false},"author":1,"featured_media":0,"parent":0,"menu_order":0,"comment_status":"closed","ping_status":"closed","template":"elementor_theme","meta":{"qubely_global_settings":"","qubely_interactions":"","_editorskit_title_hidden":false,"_editorskit_reading_time":0,"_editorskit_is_block_options_detached":false,"_editorskit_block_options_position":"{}","footnotes":""},"class_list":["post-74","page","type-page","status-publish","hentry"],"_links":{"self":[{"href":"https:\/\/lesfeesdelassiette.fr\/index.php?rest_route=\/wp\/v2\/pages\/74","targetHints":{"allow":["GET"]}}],"collection":[{"href":"https:\/\/lesfeesdelassiette.fr\/index.php?rest_route=\/wp\/v2\/pages"}],"about":[{"href":"https:\/\/lesfeesdelassiette.fr\/index.php?rest_route=\/wp\/v2\/types\/page"}],"author":[{"embeddable":true,"href":"https:\/\/lesfeesdelassiette.fr\/index.php?rest_route=\/wp\/v2\/users\/1"}],"replies":[{"embeddable":true,"href":"https:\/\/lesfeesdelassiette.fr\/index.php?rest_route=%2Fwp%2Fv2%2Fcomments&post=74"}],"version-history":[{"count":32,"href":"https:\/\/lesfeesdelassiette.fr\/index.php?rest_route=\/wp\/v2\/pages\/74\/revisions"}],"predecessor-version":[{"id":282,"href":"https:\/\/lesfeesdelassiette.fr\/index.php?rest_route=\/wp\/v2\/pages\/74\/revisions\/282"}],"wp:attachment":[{"href":"https:\/\/lesfeesdelassiette.fr\/index.php?rest_route=%2Fwp%2Fv2%2Fmedia&parent=74"}],"curies":[{"name":"wp","href":"https:\/\/api.w.org\/{rel}","templated":true}]}}